{"id":21,"date":"2014-07-16T19:15:15","date_gmt":"2014-07-16T19:15:15","guid":{"rendered":"http:\/\/mmv-thal.at\/wp\/?page_id=21"},"modified":"2023-06-19T05:57:15","modified_gmt":"2023-06-19T05:57:15","slug":"jugend","status":"publish","type":"page","link":"https:\/\/mmv-thal.at\/wp\/?page_id=21","title":{"rendered":"Jugend"},"content":{"rendered":"<p style=\"text-align: center;\"><strong><span style=\"color: #ff6600;\"><span style=\"color: #800080;\"> <a href=\"http:\/\/mmv-thal.at\/wp\/?attachment_id=6617\" rel=\"attachment wp-att-6617\"><img loading=\"lazy\" decoding=\"async\" class=\"aligncenter wp-image-6617\" src=\"http:\/\/mmv-thal.at\/wp\/wp-content\/uploads\/IMG-20170117-WA0000.jpg\" alt=\"img-20170117-wa0000\" width=\"210\" height=\"277\" srcset=\"https:\/\/mmv-thal.at\/wp\/wp-content\/uploads\/IMG-20170117-WA0000.jpg 802w, https:\/\/mmv-thal.at\/wp\/wp-content\/uploads\/IMG-20170117-WA0000-228x300.jpg 228w, https:\/\/mmv-thal.at\/wp\/wp-content\/uploads\/IMG-20170117-WA0000-624x822.jpg 624w\" sizes=\"(max-width: 210px) 100vw, 210px\" \/><\/a>Unser Logo \ud83d\ude42<\/span><\/span><\/strong><\/p>\n<p style=\"text-align: center;\"><strong><span style=\"color: #ff6600;\"><span style=\"color: #800080;\">Willkommen auf der Jugendseite &#8211; UNSER\u00a0 MOTTO\u00a0<\/span>\u00a0<\/span><\/strong><strong>\u00a0<\/strong><\/p>\n<p style=\"text-align: center;\"><span style=\"color: #ff6600;\"><strong>Mein Musikverein\u00a0 &#8211;\u00a0 <\/strong><\/span><\/p>\n<p style=\"text-align: center;\"><span style=\"color: #ff6600;\"><strong>\u00a0\u00a0\u00a0\u00a0Gemeinsam musizieren, Freunde treffen, Spa\u00df haben.<\/strong><\/span><\/p>\n<p>Unser Jugendreferententeam hat sich vergr\u00f6\u00dfert.<\/p>\n<p>Bettina Wagner, Julia Nagl-Gs\u00f6ls, Hannah Dreisbach, Katharina Bachler;<\/p>\n<p>Foto folgt.<\/p>\n","protected":false},"excerpt":{"rendered":"<p>Unser Logo \ud83d\ude42 Willkommen auf der Jugendseite &#8211; UNSER\u00a0 MOTTO\u00a0\u00a0\u00a0 Mein Musikverein\u00a0 &#8211;\u00a0 \u00a0\u00a0\u00a0\u00a0Gemeinsam musizieren, Freunde treffen, Spa\u00df haben. Unser Jugendreferententeam hat sich vergr\u00f6\u00dfert. Bettina Wagner, Julia Nagl-Gs\u00f6ls, Hannah Dreisbach, Katharina Bachler; Foto folgt.<\/p>\n","protected":false},"author":1,"featured_media":0,"parent":0,"menu_order":0,"comment_status":"closed","ping_status":"closed","template":"","meta":{"ngg_post_thumbnail":0,"footnotes":""},"_links":{"self":[{"href":"https:\/\/mmv-thal.at\/wp\/index.php?rest_route=\/wp\/v2\/pages\/21"}],"collection":[{"href":"https:\/\/mmv-thal.at\/wp\/index.php?rest_route=\/wp\/v2\/pages"}],"about":[{"href":"https:\/\/mmv-thal.at\/wp\/index.php?rest_route=\/wp\/v2\/types\/page"}],"author":[{"embeddable":true,"href":"https:\/\/mmv-thal.at\/wp\/index.php?rest_route=\/wp\/v2\/users\/1"}],"replies":[{"embeddable":true,"href":"https:\/\/mmv-thal.at\/wp\/index.php?rest_route=%2Fwp%2Fv2%2Fcomments&post=21"}],"version-history":[{"count":48,"href":"https:\/\/mmv-thal.at\/wp\/index.php?rest_route=\/wp\/v2\/pages\/21\/revisions"}],"predecessor-version":[{"id":8608,"href":"https:\/\/mmv-thal.at\/wp\/index.php?rest_route=\/wp\/v2\/pages\/21\/revisions\/8608"}],"wp:attachment":[{"href":"https:\/\/mmv-thal.at\/wp\/index.php?rest_route=%2Fwp%2Fv2%2Fmedia&parent=21"}],"curies":[{"name":"wp","href":"https:\/\/api.w.org\/{rel}","templated":true}]}}